{"id":3251,"date":"2014-10-29T16:03:14","date_gmt":"2014-10-29T15:03:14","guid":{"rendered":"https:\/\/www.marina-holyder.com\/?page_id=3251"},"modified":"2018-05-24T11:41:01","modified_gmt":"2018-05-24T09:41:01","slug":"freizeitaktivitaten","status":"publish","type":"page","link":"https:\/\/www.marina-holyder.com\/de\/freizeitaktivitaten\/","title":{"rendered":"Freizeitaktivit\u00e4ten"},"content":{"rendered":"<h1>Der Lac du Der<\/h1>\n<h2>ein einzigartiger Ort im Herzen Europas<\/h2>\n\t\t\t<style type=\"text\/css\">\n\t\t\t\t#content-block-background-1117 { background-image: url(); background-position: center top; background-repeat: repeat-x; background-color: #FFFFFF;; background-attachment: fixed; background-size: auto; }\n\t\t\t\t#content-block-body-1117 { padding: 0px 0; color: inherit; }\n\t\t\t\t.content-block-body { margin-left: auto; margin-right: auto; position: relative; }\n\t\t\t<\/style>\n\t\t\t\t\t\t\t<style type=\"text\/css\">\n\t\t\t\t\t#wrapper-1 { overflow-x: hidden; }\n\t\t\t\t\t#content-block-background-1117 { margin: 0 -10000px; padding: 0 10000px; }\n\t\t\t\t<\/style>\n\t\t\t\n\t\t\t\t\t\t<script type=\"text\/javascript\">\n\t\t\t\t\/\/ <![CDATA[\n\t\t\t\tjQuery(document).ready(function($){\n\t\t\t\t\t\"use strict\";\n\t\t\t\t\tif( ! $(\"body\").hasClass( \"mobile-detected\" ) ){\n\t\t\t\t\t\t$(\"#content-block-background-\"+1117).each(function(){\n\t\t\t\t\t\t\tvar $bgobj = $(this); \/\/ Assigning the object.\n\t\t\t\t\t\t\tvar xPos = 'center'; \/\/ x bg position value from the user shortcode.\n\t\t\t\t\t\t\t$(window).scroll(function() {\n\t\t\t\t\t\t\t\tvar yPos = -($(window).scrollTop() \/ 3);\n\t\t\t\t\t\t\t\t\/\/ Put together our final background position.\n\t\t\t\t\t\t\t\tvar coords = xPos+' '+yPos+'px';\n\t\t\t\t\t\t\t\t\/\/ Move the background.\n\t\t\t\t\t\t\t\t$bgobj.css({ backgroundPosition: coords });\n\t\t\t\t\t\t\t});\n\t\t\t\t\t\t});\n\t\t\t\t\t}\n\t\t\t\t});\n\t\t\t\t\/\/ ]]>\n\t\t\t<\/script>\n\t\t\t\n\t\t\t<div class=\"clear\"><\/div>\n\t\t\t<div id=\"content-block-background-1117\" class=\"content-block-background class-name\">\n\t\t\t\t<div id=\"content-block-body-1117\" class=\"content-block-body\">\n\t\t\t\t\t<div class=\"clear\"><\/div>\n\t\t\t\t\t\n<div class=\"one_half\">\n<a href=\"https:\/\/www.marina-holyder.com\/wp-content\/uploads\/2017\/10\/marina-holyder-localisation02.jpg\" rel=\"wp-prettyPhoto&#091;3251&#093;\"><img loading=\"lazy\" decoding=\"async\" src=\"https:\/\/www.marina-holyder.com\/wp-content\/uploads\/2017\/10\/marina-holyder-localisation02.jpg\" alt=\"Le Lac du Der\" width=\"792\" height=\"572\" class=\"size-full wp-image-7844\" srcset=\"https:\/\/www.marina-holyder.com\/wp-content\/uploads\/2017\/10\/marina-holyder-localisation02.jpg 792w, https:\/\/www.marina-holyder.com\/wp-content\/uploads\/2017\/10\/marina-holyder-localisation02-300x217.jpg 300w, https:\/\/www.marina-holyder.com\/wp-content\/uploads\/2017\/10\/marina-holyder-localisation02-768x555.jpg 768w\" sizes=\"auto, (max-width: 792px) 100vw, 792px\" \/><\/a><br \/>\n<\/div>\n<div class=\"one_half last_column\">\n<h4>Sport-und Freizeitaktivit\u00e4ten am Lac du Der oder in der N\u00e4he<\/h4>\n<p>&nbsp;<br \/>\nUnsere Ferienanlage Marina Holyder befindet sich im Zentrum eines breiten Angebots an Freizeitaktivit\u00e4ten mehrerer lokaler Anbieter.<br \/>\nZum Beispiel: Segeln, Jollen, Windsurfen, Katamaran-Segeln, Kanufahren, Wasserski, Jet-Ski, Tretboot, Minigolf, Tennis, Bogenschie\u00dfen, Kletterwand, Basketball, Orientierungslauf, Mini-Zug, ornithologische Entdeckungstour&#8230;<br \/>\nSie k\u00f6nnen nat\u00fcrlich auch Ihre eigenen pers\u00f6nlichen Wanderungen oder Radtouren organisieren, um auf Entdeckungstour zu gehen. Das Tourismusb\u00fcro hilft Ihnen gerne bei der Planung.<\/p>\n<p><a class=\"btnB01 btnB01-secondary\"  href=\"https:\/\/www.marina-holyder.com\/wp-content\/uploads\/2017\/10\/marina-holyder-localisation02.jpg\" rel=\"wp-prettyPhoto&#091;3251&#093;\">Entdecken Sie die Karte<\/a><br \/>\n<\/div>\n\t\t\t\t\t<div class=\"clear\"><\/div>\n\t\t\t\t<\/div>\n\t\t\t<\/div>\n\t\t\t<div class=\"clear\"><\/div>\n\t\t\t\n<div class=\"clear\"><\/div>\n\t\t\t<style type=\"text\/css\">\n\t\t\t\t#content-block-background-1064 { background-image: url(); background-position: center top; background-repeat: repeat-x; background-color: #5fb7b7;; background-attachment: fixed; background-size: auto; }\n\t\t\t\t#content-block-body-1064 { padding: 60px 0; color: inherit; }\n\t\t\t\t.content-block-body { margin-left: auto; margin-right: auto; position: relative; }\n\t\t\t<\/style>\n\t\t\t\t\t\t\t<style type=\"text\/css\">\n\t\t\t\t\t#wrapper-1 { overflow-x: hidden; }\n\t\t\t\t\t#content-block-background-1064 { margin: 0 -10000px; padding: 0 10000px; }\n\t\t\t\t<\/style>\n\t\t\t\n\t\t\t\t\t\t<script type=\"text\/javascript\">\n\t\t\t\t\/\/ <![CDATA[\n\t\t\t\tjQuery(document).ready(function($){\n\t\t\t\t\t\"use strict\";\n\t\t\t\t\tif( ! $(\"body\").hasClass( \"mobile-detected\" ) ){\n\t\t\t\t\t\t$(\"#content-block-background-\"+1064).each(function(){\n\t\t\t\t\t\t\tvar $bgobj = $(this); \/\/ Assigning the object.\n\t\t\t\t\t\t\tvar xPos = 'center'; \/\/ x bg position value from the user shortcode.\n\t\t\t\t\t\t\t$(window).scroll(function() {\n\t\t\t\t\t\t\t\tvar yPos = -($(window).scrollTop() \/ 3);\n\t\t\t\t\t\t\t\t\/\/ Put together our final background position.\n\t\t\t\t\t\t\t\tvar coords = xPos+' '+yPos+'px';\n\t\t\t\t\t\t\t\t\/\/ Move the background.\n\t\t\t\t\t\t\t\t$bgobj.css({ backgroundPosition: coords });\n\t\t\t\t\t\t\t});\n\t\t\t\t\t\t});\n\t\t\t\t\t}\n\t\t\t\t});\n\t\t\t\t\/\/ ]]>\n\t\t\t<\/script>\n\t\t\t\n\t\t\t<div class=\"clear\"><\/div>\n\t\t\t<div id=\"content-block-background-1064\" class=\"content-block-background class-name\">\n\t\t\t\t<div id=\"content-block-body-1064\" class=\"content-block-body\">\n\t\t\t\t\t<div class=\"clear\"><\/div>\n\t\t\t\t\t\n<div class=\"one_half\">\n<img loading=\"lazy\" decoding=\"async\" src=\"https:\/\/www.marina-holyder.com\/wp-content\/uploads\/2017\/10\/excursion-lac-du-der.jpg\" alt=\"Excursions au d\u00e9part de la Marina Holyder\" width=\"600\" height=\"400\" class=\"aligncenter size-full wp-image-7877\" srcset=\"https:\/\/www.marina-holyder.com\/wp-content\/uploads\/2017\/10\/excursion-lac-du-der.jpg 600w, https:\/\/www.marina-holyder.com\/wp-content\/uploads\/2017\/10\/excursion-lac-du-der-300x200.jpg 300w\" sizes=\"auto, (max-width: 600px) 100vw, 600px\" \/><br \/>\n<\/div>\n<div class=\"one_half last_column\">\n<h3 style=\"color:#ffffff;\">Ausfl\u00fcge von der Marina Holyder<\/h3>\n<p>&nbsp;<\/p>\n<p style=\"color:#ffffff;\">Die Ferienanlage Marina Holyder bietet Ihnen in enger Kooperation mit Vinotilus verschiedene Tagesausfl\u00fcge an :<br \/>\n<i class=\"fa fa-arrow-right\" aria-hidden=\"true\" style=\"padding-right:10px;\"><\/i>Tagesausflug auf dem Lac du Der<br \/>\n<i class=\"fa fa-arrow-right\" aria-hidden=\"true\" style=\"padding-right:10px;\"><\/i>Tagesausflug in den Weinbergen<br \/>\n<i class=\"fa fa-arrow-right\" aria-hidden=\"true\" style=\"padding-right:10px;\"><\/i>Tagesausflug in der Region Haute-Marne<\/p>\n<p style=\"color:#ffffff;\">Ausfahrten mit dem Segelboot, Erkundung der Weinberge und der Rebsorten der Champagne, entdecken Sie die Haute-Marne &#8230; und verbringen Sie eine gute Zeit mit der Familie oder mit Freunden. <\/p>\n<p><a class=\"btnB btnB-secondary\"  href=\"http:\/\/www.vinotilus-oenotourisme-champagne.fr\/oenotourisme-champagne-voile-et-champagne\/oenotourisme-champagne-voile-et-champagne-croisiere-voile-et-vin-en-champagne-au-lac-du-der-18.html\" target=\"_blank\">Mehr dazu<\/a><\/div>\n\t\t\t\t\t<div class=\"clear\"><\/div>\n\t\t\t\t<\/div>\n\t\t\t<\/div>\n\t\t\t<div class=\"clear\"><\/div>\n\t\t\t\n<div class=\"clear\"><\/div>\n\t\t\t<style type=\"text\/css\">\n\t\t\t\t#content-block-background-1970 { background-image: url(); background-position: center top; background-repeat: repeat-x; background-color: #FFFFFF;; background-attachment: fixed; background-size: auto; }\n\t\t\t\t#content-block-body-1970 { padding: 60px 0; color: inherit; }\n\t\t\t\t.content-block-body { margin-left: auto; margin-right: auto; position: relative; }\n\t\t\t<\/style>\n\t\t\t\t\t\t\t<style type=\"text\/css\">\n\t\t\t\t\t#wrapper-1 { overflow-x: hidden; }\n\t\t\t\t\t#content-block-background-1970 { margin: 0 -10000px; padding: 0 10000px; }\n\t\t\t\t<\/style>\n\t\t\t\n\t\t\t\t\t\t<script type=\"text\/javascript\">\n\t\t\t\t\/\/ <![CDATA[\n\t\t\t\tjQuery(document).ready(function($){\n\t\t\t\t\t\"use strict\";\n\t\t\t\t\tif( ! $(\"body\").hasClass( \"mobile-detected\" ) ){\n\t\t\t\t\t\t$(\"#content-block-background-\"+1970).each(function(){\n\t\t\t\t\t\t\tvar $bgobj = $(this); \/\/ Assigning the object.\n\t\t\t\t\t\t\tvar xPos = 'center'; \/\/ x bg position value from the user shortcode.\n\t\t\t\t\t\t\t$(window).scroll(function() {\n\t\t\t\t\t\t\t\tvar yPos = -($(window).scrollTop() \/ 3);\n\t\t\t\t\t\t\t\t\/\/ Put together our final background position.\n\t\t\t\t\t\t\t\tvar coords = xPos+' '+yPos+'px';\n\t\t\t\t\t\t\t\t\/\/ Move the background.\n\t\t\t\t\t\t\t\t$bgobj.css({ backgroundPosition: coords });\n\t\t\t\t\t\t\t});\n\t\t\t\t\t\t});\n\t\t\t\t\t}\n\t\t\t\t});\n\t\t\t\t\/\/ ]]>\n\t\t\t<\/script>\n\t\t\t\n\t\t\t<div class=\"clear\"><\/div>\n\t\t\t<div id=\"content-block-background-1970\" class=\"content-block-background class-name\">\n\t\t\t\t<div id=\"content-block-body-1970\" class=\"content-block-body\">\n\t\t\t\t\t<div class=\"clear\"><\/div>\n\t\t\t\t\t\n<div class=\"one_half\">\n<img loading=\"lazy\" decoding=\"async\" src=\"https:\/\/www.marina-holyder.com\/wp-content\/uploads\/2017\/10\/Festival-de-Photo-de-Montier-en-Der-.jpg\" alt=\"Festival Photo animali\u00e8re et de nature\" width=\"600\" height=\"400\" class=\"aligncenter size-full wp-image-7878\" srcset=\"https:\/\/www.marina-holyder.com\/wp-content\/uploads\/2017\/10\/Festival-de-Photo-de-Montier-en-Der-.jpg 600w, https:\/\/www.marina-holyder.com\/wp-content\/uploads\/2017\/10\/Festival-de-Photo-de-Montier-en-Der--300x200.jpg 300w\" sizes=\"auto, (max-width: 600px) 100vw, 600px\" \/><br \/>\n<\/div>\n<div class=\"one_half last_column\">\n<h3>Festival Photo animali\u00e8re et de nature<\/h3>\n<p>&nbsp;<br \/>\nEntdecken Sie das Festival Foto Montier en Der! Jedes Jahr im November, viele Amateur- und Profifotografen zu sammeln. Ein Muss f\u00fcr Liebhaber der Fotografie und der Natur. Dies ist der einzige Ort, wo Amateure und Profis treffen und austauschen mit Leichtigkeit. Ausstellungen und St\u00e4nde werden nicht nur in Montier en Der, sondern auch in vielen Outdoor-Locations, darunter Giffaumont-Champaubert statt.<\/p>\n<p><strong>Tel. :\u00a0+33 (0)3 25 55 72 84<\/strong><br \/>\n<strong>Marina Holyder, partner der Festspiele<\/strong><\/p>\n<p><a class=\"btnB01 btnB01-secondary\"  href=\"http:\/\/www.festiphoto-montier.org\/\" target=\"_blank\">Mehr dazu<\/a><br \/>\n<\/div>\n\t\t\t\t\t<div class=\"clear\"><\/div>\n\t\t\t\t<\/div>\n\t\t\t<\/div>\n\t\t\t<div class=\"clear\"><\/div>\n\t\t\t\n<div class=\"clear\"><\/div>\n\t\t\t<style type=\"text\/css\">\n\t\t\t\t#content-block-background-1436 { background-image: url(); background-position: center top; background-repeat: repeat-x; background-color: #5fb7b7;; background-attachment: fixed; background-size: auto; }\n\t\t\t\t#content-block-body-1436 { padding: 60px 0; color: inherit; }\n\t\t\t\t.content-block-body { margin-left: auto; margin-right: auto; position: relative; }\n\t\t\t<\/style>\n\t\t\t\t\t\t\t<style type=\"text\/css\">\n\t\t\t\t\t#wrapper-1 { overflow-x: hidden; }\n\t\t\t\t\t#content-block-background-1436 { margin: 0 -10000px; padding: 0 10000px; }\n\t\t\t\t<\/style>\n\t\t\t\n\t\t\t\t\t\t<script type=\"text\/javascript\">\n\t\t\t\t\/\/ <![CDATA[\n\t\t\t\tjQuery(document).ready(function($){\n\t\t\t\t\t\"use strict\";\n\t\t\t\t\tif( ! $(\"body\").hasClass( \"mobile-detected\" ) ){\n\t\t\t\t\t\t$(\"#content-block-background-\"+1436).each(function(){\n\t\t\t\t\t\t\tvar $bgobj = $(this); \/\/ Assigning the object.\n\t\t\t\t\t\t\tvar xPos = 'center'; \/\/ x bg position value from the user shortcode.\n\t\t\t\t\t\t\t$(window).scroll(function() {\n\t\t\t\t\t\t\t\tvar yPos = -($(window).scrollTop() \/ 3);\n\t\t\t\t\t\t\t\t\/\/ Put together our final background position.\n\t\t\t\t\t\t\t\tvar coords = xPos+' '+yPos+'px';\n\t\t\t\t\t\t\t\t\/\/ Move the background.\n\t\t\t\t\t\t\t\t$bgobj.css({ backgroundPosition: coords });\n\t\t\t\t\t\t\t});\n\t\t\t\t\t\t});\n\t\t\t\t\t}\n\t\t\t\t});\n\t\t\t\t\/\/ ]]>\n\t\t\t<\/script>\n\t\t\t\n\t\t\t<div class=\"clear\"><\/div>\n\t\t\t<div id=\"content-block-background-1436\" class=\"content-block-background class-name\">\n\t\t\t\t<div id=\"content-block-body-1436\" class=\"content-block-body\">\n\t\t\t\t\t<div class=\"clear\"><\/div>\n\t\t\t\t\t <\/p>\n<div class=\"one_half\">\n<img loading=\"lazy\" decoding=\"async\" src=\"https:\/\/www.marina-holyder.com\/wp-content\/uploads\/2017\/10\/stage-photos-lac-du-der-1024x683.jpg\" alt=\"Stages photo Lac du Der\" width=\"600\" height=\"400\" class=\"aligncenter size-large wp-image-7881\" srcset=\"https:\/\/www.marina-holyder.com\/wp-content\/uploads\/2017\/10\/stage-photos-lac-du-der-1024x683.jpg 1024w, https:\/\/www.marina-holyder.com\/wp-content\/uploads\/2017\/10\/stage-photos-lac-du-der-300x200.jpg 300w, https:\/\/www.marina-holyder.com\/wp-content\/uploads\/2017\/10\/stage-photos-lac-du-der-768x512.jpg 768w, https:\/\/www.marina-holyder.com\/wp-content\/uploads\/2017\/10\/stage-photos-lac-du-der.jpg 1920w\" sizes=\"auto, (max-width: 600px) 100vw, 600px\" \/><br \/>\n<\/div>\n<div class=\"one_half last_column\">\n<h3 style=\"color:#ffffff;\">Foto-Workshops mit Jean-C\u00f4me Nicolle<\/h3>\n<p>&nbsp;<\/p>\n<p style=\"color:#ffffff;\">Manque Pas Der\u00ae bietet praktische und gesellige Foto-Workshops, in kleinen Gruppen, f\u00fcr alle Niveaus und f\u00fcr verschiedene Themenbereiche.<br \/>\nWir bieten auch Wandertouren in der Natur, um die Biodiversit\u00e4t der von Heckenlandschaften gepr\u00e4gten Agrarregion der Champagne zu erkunden.<br \/>\nFortschritte beim Fotografieren machen, indem Sie wandern und die Natur entdecken \u2013 und dabei von den Ratschl\u00e4gen eines Experten profitieren \u2013 dies ist praxisnah und spannend. Entdecken Sie die Flora, die Fauna und die Geschichte der Region Der und ihres Sees und machen Sie immer bessere Bilder! <\/p>\n<p style=\"color:#ffffff;\"><strong>T\u00e9l. :\u00a0+33 (0)6 18 09 08 24<\/strong><\/p>\n<p><a class=\"btnB btnB-secondary\"  href=\"https:\/\/www.coursphotonumerique.com\/\" target=\"_blank\">Link zum Angebot &gt;<\/a><br \/>\n<\/div>\n\t\t\t\t\t<div class=\"clear\"><\/div>\n\t\t\t\t<\/div>\n\t\t\t<\/div>\n\t\t\t<div class=\"clear\"><\/div>\n\t\t\t\n<div class=\"clear\"><\/div>\n\t\t\t<style type=\"text\/css\">\n\t\t\t\t#content-block-background-1149 { background-image: url(); background-position: center top; background-repeat: repeat-x; background-color: #FFFFFF;; background-attachment: fixed; background-size: auto; }\n\t\t\t\t#content-block-body-1149 { padding: 60px 0; color: inherit; }\n\t\t\t\t.content-block-body { margin-left: auto; margin-right: auto; position: relative; }\n\t\t\t<\/style>\n\t\t\t\t\t\t\t<style type=\"text\/css\">\n\t\t\t\t\t#wrapper-1 { overflow-x: hidden; }\n\t\t\t\t\t#content-block-background-1149 { margin: 0 -10000px; padding: 0 10000px; }\n\t\t\t\t<\/style>\n\t\t\t\n\t\t\t\t\t\t<script type=\"text\/javascript\">\n\t\t\t\t\/\/ <![CDATA[\n\t\t\t\tjQuery(document).ready(function($){\n\t\t\t\t\t\"use strict\";\n\t\t\t\t\tif( ! $(\"body\").hasClass( \"mobile-detected\" ) ){\n\t\t\t\t\t\t$(\"#content-block-background-\"+1149).each(function(){\n\t\t\t\t\t\t\tvar $bgobj = $(this); \/\/ Assigning the object.\n\t\t\t\t\t\t\tvar xPos = 'center'; \/\/ x bg position value from the user shortcode.\n\t\t\t\t\t\t\t$(window).scroll(function() {\n\t\t\t\t\t\t\t\tvar yPos = -($(window).scrollTop() \/ 3);\n\t\t\t\t\t\t\t\t\/\/ Put together our final background position.\n\t\t\t\t\t\t\t\tvar coords = xPos+' '+yPos+'px';\n\t\t\t\t\t\t\t\t\/\/ Move the background.\n\t\t\t\t\t\t\t\t$bgobj.css({ backgroundPosition: coords });\n\t\t\t\t\t\t\t});\n\t\t\t\t\t\t});\n\t\t\t\t\t}\n\t\t\t\t});\n\t\t\t\t\/\/ ]]>\n\t\t\t<\/script>\n\t\t\t\n\t\t\t<div class=\"clear\"><\/div>\n\t\t\t<div id=\"content-block-background-1149\" class=\"content-block-background class-name\">\n\t\t\t\t<div id=\"content-block-body-1149\" class=\"content-block-body\">\n\t\t\t\t\t<div class=\"clear\"><\/div>\n\t\t\t\t\t <\/p>\n<div class=\"one_half\">\n<img loading=\"lazy\" decoding=\"async\" src=\"https:\/\/www.marina-holyder.com\/wp-content\/uploads\/2017\/10\/oiseaux-migrateurs.jpg\" alt=\"oiseaux migrateurs Lac du Der\" width=\"600\" height=\"400\" class=\"aligncenter size-full wp-image-7880\" srcset=\"https:\/\/www.marina-holyder.com\/wp-content\/uploads\/2017\/10\/oiseaux-migrateurs.jpg 600w, https:\/\/www.marina-holyder.com\/wp-content\/uploads\/2017\/10\/oiseaux-migrateurs-300x200.jpg 300w\" sizes=\"auto, (max-width: 600px) 100vw, 600px\" \/><br \/>\n<\/div>\n<div class=\"one_half last_column\">\n<h3>Ornithologische Erkundungen am Lac du Der<\/h3>\n<p>&nbsp;<br \/>\nEntdecken Sie den Lac du Der. Mehr als 300 Vogelarten werden jedes Jahr in den Gew\u00e4ssern des Lac du Der verzeichnet. Hinweis f\u00fcr  Interessierte: Es werden auch ornithologische Ausfl\u00fcge von Marina Holyder angeboten.<br \/>\nDie wohl bekannteste Art ist der Kranich, aber der Lac du Der hat noch andere Sch\u00e4tze zu bieten, seine Tierwelt ist reich. W\u00e4hrend Ihres Ausflugs k\u00f6nnen Sie auch Libellen, Amphibien, S\u00e4ugetiere bewundern &#8230; Das Gebiet ist als Nationales Naturschutzgebiet ausgewiesen und gesch\u00fctzt.<br \/>\n&nbsp;<br \/>\n<a class=\"btnB01 btnB01-secondary\"  href=\"https:\/\/antoinecubaixo.jimdo.com\/2017\/09\/09\/un-jour-en-septembre\/\" target=\"_blank\">Mehr dazu<\/a><br \/>\n<\/div>\n\t\t\t\t\t<div class=\"clear\"><\/div>\n\t\t\t\t<\/div>\n\t\t\t<\/div>\n\t\t\t<div class=\"clear\"><\/div>\n\t\t\t\n<div class=\"clear\"><\/div>\n<div class=\"clear\"><\/div>\n\t\t\t<style type=\"text\/css\">\n\t\t\t\t#content-block-background-1667 { background-image: url(); background-position: center top; background-repeat: repeat-x; background-color: #FFFFFF;; background-attachment: fixed; background-size: auto; }\n\t\t\t\t#content-block-body-1667 { padding: 60px 0; color: inherit; }\n\t\t\t\t.content-block-body { margin-left: auto; margin-right: auto; position: relative; }\n\t\t\t<\/style>\n\t\t\t\t\t\t\t<style type=\"text\/css\">\n\t\t\t\t\t#wrapper-1 { overflow-x: hidden; }\n\t\t\t\t\t#content-block-background-1667 { margin: 0 -10000px; padding: 0 10000px; }\n\t\t\t\t<\/style>\n\t\t\t\n\t\t\t\t\t\t<script type=\"text\/javascript\">\n\t\t\t\t\/\/ <![CDATA[\n\t\t\t\tjQuery(document).ready(function($){\n\t\t\t\t\t\"use strict\";\n\t\t\t\t\tif( ! $(\"body\").hasClass( \"mobile-detected\" ) ){\n\t\t\t\t\t\t$(\"#content-block-background-\"+1667).each(function(){\n\t\t\t\t\t\t\tvar $bgobj = $(this); \/\/ Assigning the object.\n\t\t\t\t\t\t\tvar xPos = 'center'; \/\/ x bg position value from the user shortcode.\n\t\t\t\t\t\t\t$(window).scroll(function() {\n\t\t\t\t\t\t\t\tvar yPos = -($(window).scrollTop() \/ 3);\n\t\t\t\t\t\t\t\t\/\/ Put together our final background position.\n\t\t\t\t\t\t\t\tvar coords = xPos+' '+yPos+'px';\n\t\t\t\t\t\t\t\t\/\/ Move the background.\n\t\t\t\t\t\t\t\t$bgobj.css({ backgroundPosition: coords });\n\t\t\t\t\t\t\t});\n\t\t\t\t\t\t});\n\t\t\t\t\t}\n\t\t\t\t});\n\t\t\t\t\/\/ ]]>\n\t\t\t<\/script>\n\t\t\t\n\t\t\t<div class=\"clear\"><\/div>\n\t\t\t<div id=\"content-block-background-1667\" class=\"content-block-background class-name\">\n\t\t\t\t<div id=\"content-block-body-1667\" class=\"content-block-body\">\n\t\t\t\t\t<div class=\"clear\"><\/div>\n\t\t\t\t\t <\/p>\n<div class=\"one_half\">\n<img loading=\"lazy\" decoding=\"async\" src=\"https:\/\/www.marina-holyder.com\/wp-content\/uploads\/2017\/10\/degustation-vin-lac-du-der.jpg\" alt=\"Tournoi Oenologique\" width=\"600\" height=\"400\" class=\"aligncenter size-full wp-image-7876\" srcset=\"https:\/\/www.marina-holyder.com\/wp-content\/uploads\/2017\/10\/degustation-vin-lac-du-der.jpg 600w, https:\/\/www.marina-holyder.com\/wp-content\/uploads\/2017\/10\/degustation-vin-lac-du-der-300x200.jpg 300w\" sizes=\"auto, (max-width: 600px) 100vw, 600px\" \/><br \/>\n<\/div>\n<div class=\"one_half last_column\">\n<h3>Unsere Verkostungen<\/h3>\n<p>&nbsp;<br \/>\nMit der Hilfe von Sebastian Higonet l\u00e4dt Marina Holyder Sie dazu ein, an einem &#8222;Wein-Turnier&#8220; teilzunehmen. Ideal, um Ihren Abend zu gestalten und um Ihr Wissen \u00fcber Wein und Champagner auf spielerische Weise zu perfektionieren. <\/p>\n<p><i class=\"fa fa-arrow-right\" aria-hidden=\"true\" style=\"padding-right:10px;\"><\/i>Quiz mit 20 Fragen zu Wein und Champagner<br \/>\n<i class=\"fa fa-arrow-right\" aria-hidden=\"true\" style=\"padding-right:10px;\"><\/i>Ein Spiel mit Aromen und 10 D\u00fcften, die es zu entdecken gilt<br \/>\n<i class=\"fa fa-arrow-right\" aria-hidden=\"true\" style=\"padding-right:10px;\"><\/i>Eine Blindverkostung, bei der zwei Weine zu erraten sind<\/p>\n<p>Es ist auch m\u00f6glich, die Champagner bei der &#8222;Soir\u00e9e d\u00e9couverte du Champagne&#8220; kennenzulernen (Abendveranstaltung). Sie k\u00f6nnen vier Champagner, darunter einen &#8222;Grand Cru&#8220; probieren.<br \/>\n<\/div>\n\t\t\t\t\t<div class=\"clear\"><\/div>\n\t\t\t\t<\/div>\n\t\t\t<\/div>\n\t\t\t<div class=\"clear\"><\/div>\n\t\t\t\n<div class=\"clear\"><\/div>\n\t\t\t<style type=\"text\/css\">\n\t\t\t\t#content-block-background-1383 { background-image: url(); background-position: center top; background-repeat: repeat-x; background-color: #5fb7b7;; background-attachment: fixed; background-size: auto; }\n\t\t\t\t#content-block-body-1383 { padding: 60px 0; color: inherit; }\n\t\t\t\t.content-block-body { margin-left: auto; margin-right: auto; position: relative; }\n\t\t\t<\/style>\n\t\t\t\t\t\t\t<style type=\"text\/css\">\n\t\t\t\t\t#wrapper-1 { overflow-x: hidden; }\n\t\t\t\t\t#content-block-background-1383 { margin: 0 -10000px; padding: 0 10000px; }\n\t\t\t\t<\/style>\n\t\t\t\n\t\t\t\t\t\t<script type=\"text\/javascript\">\n\t\t\t\t\/\/ <![CDATA[\n\t\t\t\tjQuery(document).ready(function($){\n\t\t\t\t\t\"use strict\";\n\t\t\t\t\tif( ! $(\"body\").hasClass( \"mobile-detected\" ) ){\n\t\t\t\t\t\t$(\"#content-block-background-\"+1383).each(function(){\n\t\t\t\t\t\t\tvar $bgobj = $(this); \/\/ Assigning the object.\n\t\t\t\t\t\t\tvar xPos = 'center'; \/\/ x bg position value from the user shortcode.\n\t\t\t\t\t\t\t$(window).scroll(function() {\n\t\t\t\t\t\t\t\tvar yPos = -($(window).scrollTop() \/ 3);\n\t\t\t\t\t\t\t\t\/\/ Put together our final background position.\n\t\t\t\t\t\t\t\tvar coords = xPos+' '+yPos+'px';\n\t\t\t\t\t\t\t\t\/\/ Move the background.\n\t\t\t\t\t\t\t\t$bgobj.css({ backgroundPosition: coords });\n\t\t\t\t\t\t\t});\n\t\t\t\t\t\t});\n\t\t\t\t\t}\n\t\t\t\t});\n\t\t\t\t\/\/ ]]>\n\t\t\t<\/script>\n\t\t\t\n\t\t\t<div class=\"clear\"><\/div>\n\t\t\t<div id=\"content-block-background-1383\" class=\"content-block-background class-name\">\n\t\t\t\t<div id=\"content-block-body-1383\" class=\"content-block-body\">\n\t\t\t\t\t<div class=\"clear\"><\/div>\n\t\t\t\t\t <\/p>\n<div class=\"one_half\">\n<img loading=\"lazy\" decoding=\"async\" src=\"https:\/\/www.marina-holyder.com\/wp-content\/uploads\/2014\/01\/port-champaubert.jpg\" alt=\"Port Champaubert\" width=\"600\" height=\"400\" class=\"aligncenter size-full wp-image-7884\" srcset=\"https:\/\/www.marina-holyder.com\/wp-content\/uploads\/2014\/01\/port-champaubert.jpg 600w, https:\/\/www.marina-holyder.com\/wp-content\/uploads\/2014\/01\/port-champaubert-300x200.jpg 300w\" sizes=\"auto, (max-width: 600px) 100vw, 600px\" \/><br \/>\n<\/div>\n<div class=\"one_half last_column\">\n<h3 style=\"color:#ffffff;\">Der pr\u00e4chtige Hafen Giffaumont Champ<\/h3>\n<p>&nbsp;<\/p>\n<p style=\"color:#ffffff;\">Dieses Juwel mit 600 Liegepl\u00e4tzen, dass sich ganz in der N\u00e4he der Ferienanlage befindet, bietet nicht nur Platz f\u00fcr Au\u00dfenborder sondern auch f\u00fcr Segelboote bis zu 12 Metern.<br \/>\nSpezifische Pontons sind f\u00fcr Fischerboote vorgesehen.<\/p>\n<p><a class=\"btnB btnB-secondary\"  style=\"width: 55%;\" href=\"https:\/\/fr.webcams.travel\/webcam\/fullscreen\/1499065941\" target=\"_blank\">Siehe Webcam des Hafens Lac du Der<\/a><\/p>\n<p><span style=\"font-size:10px;\"><em>\u00a9Photo P. Bourguignon \u2013 Collection Lac du Der<\/em><\/span><\/p>\n<p style=\"color:#ffffff;\">Auf einem speziellen Radweg k\u00f6nnen Sie den See vollkommen sicher und ungest\u00f6rt umrunden.<br \/>\nVon der Ferienanlage aus haben Sie \u00fcber ein kleines T\u00fcrchen direkten Zugang zu dem Picknick-und dem Kinderspielplatz.<\/p>\n<p style=\"color:#ffffff;\">W\u00e4hrend der Saison wird der Strand von einem Rettungsschwimmer \u00fcberwacht. <\/p>\n<\/div>\n\t\t\t\t\t<div class=\"clear\"><\/div>\n\t\t\t\t<\/div>\n\t\t\t<\/div>\n\t\t\t<div class=\"clear\"><\/div>\n\t\t\t\n<div class=\"clear\"><\/div>\n\t\t\t<style type=\"text\/css\">\n\t\t\t\t#content-block-background-1036 { background-image: url(); background-position: center top; background-repeat: repeat-x; background-color: #FFFFFF;; background-attachment: fixed; background-size: auto; }\n\t\t\t\t#content-block-body-1036 { padding: 60px 0; color: inherit; }\n\t\t\t\t.content-block-body { margin-left: auto; margin-right: auto; position: relative; }\n\t\t\t<\/style>\n\t\t\t\t\t\t\t<style type=\"text\/css\">\n\t\t\t\t\t#wrapper-1 { overflow-x: hidden; }\n\t\t\t\t\t#content-block-background-1036 { margin: 0 -10000px; padding: 0 10000px; }\n\t\t\t\t<\/style>\n\t\t\t\n\t\t\t\t\t\t<script type=\"text\/javascript\">\n\t\t\t\t\/\/ <![CDATA[\n\t\t\t\tjQuery(document).ready(function($){\n\t\t\t\t\t\"use strict\";\n\t\t\t\t\tif( ! $(\"body\").hasClass( \"mobile-detected\" ) ){\n\t\t\t\t\t\t$(\"#content-block-background-\"+1036).each(function(){\n\t\t\t\t\t\t\tvar $bgobj = $(this); \/\/ Assigning the object.\n\t\t\t\t\t\t\tvar xPos = 'center'; \/\/ x bg position value from the user shortcode.\n\t\t\t\t\t\t\t$(window).scroll(function() {\n\t\t\t\t\t\t\t\tvar yPos = -($(window).scrollTop() \/ 3);\n\t\t\t\t\t\t\t\t\/\/ Put together our final background position.\n\t\t\t\t\t\t\t\tvar coords = xPos+' '+yPos+'px';\n\t\t\t\t\t\t\t\t\/\/ Move the background.\n\t\t\t\t\t\t\t\t$bgobj.css({ backgroundPosition: coords });\n\t\t\t\t\t\t\t});\n\t\t\t\t\t\t});\n\t\t\t\t\t}\n\t\t\t\t});\n\t\t\t\t\/\/ ]]>\n\t\t\t<\/script>\n\t\t\t\n\t\t\t<div class=\"clear\"><\/div>\n\t\t\t<div id=\"content-block-background-1036\" class=\"content-block-background class-name\">\n\t\t\t\t<div id=\"content-block-body-1036\" class=\"content-block-body\">\n\t\t\t\t\t<div class=\"clear\"><\/div>\n\t\t\t\t\t <\/p>\n<div class=\"one_half\">\n<img loading=\"lazy\" decoding=\"async\" src=\"https:\/\/www.marina-holyder.com\/wp-content\/uploads\/2014\/01\/lac-du-der_OT-3.jpg\" alt=\"Lac du der\" width=\"600\" height=\"400\" class=\"aligncenter size-full wp-image-7891\" srcset=\"https:\/\/www.marina-holyder.com\/wp-content\/uploads\/2014\/01\/lac-du-der_OT-3.jpg 600w, https:\/\/www.marina-holyder.com\/wp-content\/uploads\/2014\/01\/lac-du-der_OT-3-300x200.jpg 300w\" sizes=\"auto, (max-width: 600px) 100vw, 600px\" \/><br \/>\n<\/div>\n<div class=\"one_half last_column\">\n<h3>Kulturerbe und Vogelparadies<\/h3>\n<p>&nbsp;<br \/>\nMuseen, Fachwerkkirchen, Kathedralen, Burgen, Weinbau, traditionelle Metallverarbeitung und vieles mehr \u2026 die Region hat eine bewegte Geschichte, ein vielf\u00e4ltiges Angebot an regionalen Produkten und lebendige Traditionen, die es zu entdecken gilt. <\/p>\n<h4>Zug der Kraniche<\/h4>\n<p>Nicht zu vergessen das riesige Vogelschutzgebiet, das der See darstellt &#8211; mit seinen Tausenden von Zugv\u00f6geln, die hier auf ihren Reisen einen Zwischenstopp einlegen.<br \/>\nEin wahres Wunder der Natur, das man hier im Fr\u00fchjahr und im Herbst bewundern kann.  <a href=\"https:\/\/www.marina-holyder.com\/videos-oiseaux-migrateurs-au-lac-du-der\/\">Siehe Videos &gt;<\/a><\/p>\n<p><a class=\"btnB01 btnB01-secondary\" href=\"http:\/\/champagne-ardenne.lpo.fr\/grue-cendree\/migration-et-hivernage\/la-migration-des-grues-cendrees-au-jour-le-jour\" target=\"_blank\">Aktuelle Situation der Vogelz\u00fcge<\/a><\/p>\n<p><span style=\"font-size:10px;\"><em>\u00a9Photo Office de Tourisme Lac du Der<\/em><\/span><br \/>\n<\/div>\n\t\t\t\t\t<div class=\"clear\"><\/div>\n\t\t\t\t<\/div>\n\t\t\t<\/div>\n\t\t\t<div class=\"clear\"><\/div>\n\t\t\t\n<div class=\"clear\"><\/div>\n\t\t\t<style type=\"text\/css\">\n\t\t\t\t#content-block-background-1735 { background-image: url(); background-position: center top; background-repeat: repeat-x; background-color: #5fb7b7;; background-attachment: fixed; background-size: auto; }\n\t\t\t\t#content-block-body-1735 { padding: 60px 0; color: inherit; }\n\t\t\t\t.content-block-body { margin-left: auto; margin-right: auto; position: relative; }\n\t\t\t<\/style>\n\t\t\t\t\t\t\t<style type=\"text\/css\">\n\t\t\t\t\t#wrapper-1 { overflow-x: hidden; }\n\t\t\t\t\t#content-block-background-1735 { margin: 0 -10000px; padding: 0 10000px; }\n\t\t\t\t<\/style>\n\t\t\t\n\t\t\t\t\t\t<script type=\"text\/javascript\">\n\t\t\t\t\/\/ <![CDATA[\n\t\t\t\tjQuery(document).ready(function($){\n\t\t\t\t\t\"use strict\";\n\t\t\t\t\tif( ! $(\"body\").hasClass( \"mobile-detected\" ) ){\n\t\t\t\t\t\t$(\"#content-block-background-\"+1735).each(function(){\n\t\t\t\t\t\t\tvar $bgobj = $(this); \/\/ Assigning the object.\n\t\t\t\t\t\t\tvar xPos = 'center'; \/\/ x bg position value from the user shortcode.\n\t\t\t\t\t\t\t$(window).scroll(function() {\n\t\t\t\t\t\t\t\tvar yPos = -($(window).scrollTop() \/ 3);\n\t\t\t\t\t\t\t\t\/\/ Put together our final background position.\n\t\t\t\t\t\t\t\tvar coords = xPos+' '+yPos+'px';\n\t\t\t\t\t\t\t\t\/\/ Move the background.\n\t\t\t\t\t\t\t\t$bgobj.css({ backgroundPosition: coords });\n\t\t\t\t\t\t\t});\n\t\t\t\t\t\t});\n\t\t\t\t\t}\n\t\t\t\t});\n\t\t\t\t\/\/ ]]>\n\t\t\t<\/script>\n\t\t\t\n\t\t\t<div class=\"clear\"><\/div>\n\t\t\t<div id=\"content-block-background-1735\" class=\"content-block-background class-name\">\n\t\t\t\t<div id=\"content-block-body-1735\" class=\"content-block-body\">\n\t\t\t\t\t<div class=\"clear\"><\/div>\n\t\t\t\t\t <\/p>\n<div class=\"one_half\">\n<img loading=\"lazy\" decoding=\"async\" src=\"https:\/\/www.marina-holyder.com\/wp-content\/uploads\/2014\/01\/peche-lac-du-der-1.jpg\" alt=\"P\u00eache au Lac du Der\" width=\"600\" height=\"400\" class=\"aligncenter size-full wp-image-7899\" srcset=\"https:\/\/www.marina-holyder.com\/wp-content\/uploads\/2014\/01\/peche-lac-du-der-1.jpg 600w, https:\/\/www.marina-holyder.com\/wp-content\/uploads\/2014\/01\/peche-lac-du-der-1-300x200.jpg 300w\" sizes=\"auto, (max-width: 600px) 100vw, 600px\" \/><br \/>\n<\/div>\n<div class=\"one_half last_column\">\n<h3 style=\"color:#ffffff;\">Der Lac du Der: ein wahres Mekka f\u00fcr Angler<\/h3>\n<p>&nbsp;<\/p>\n<p style=\"color:#ffffff;\">Mit einem au\u00dfergew\u00f6hnlichen Reichtum an Fischen bietet er passionierten Anglern und solchen, die es vielleicht noch werden wollen, unvergessliche Augenblicke, sowohl was die Vielfalt als auch die Gr\u00f6\u00dfe der Fische angeht.<\/p>\n<h4 style=\"color:#ffffff;\">Sie sind Angler ?<\/h4>\n<p style=\"color:#ffffff;\">Zusammen mit Thierry Lacombe, einem ausgewiesenen Angeltrainer und Naturf\u00fchrer k\u00f6nnen wir Ihre Angelausfl\u00fcge im Boot bzw. ornithologische Erkundungstouren f\u00fcr Einzelpersonen oder Gruppen organisieren.<br \/>\n<strong>T\u00e9l 06.89.99.03.18<\/strong><\/p>\n<p>&nbsp;<br \/>\n<a class=\"btnB btnB-secondary\" href=\"http:\/\/www.lacombe-nature-peche.com\" target=\"_blank\">Kalender der n\u00e4chsten F\u00fchrungen unter <\/a><br \/>\n<\/div>\n\t\t\t\t\t<div class=\"clear\"><\/div>\n\t\t\t\t<\/div>\n\t\t\t<\/div>\n\t\t\t<div class=\"clear\"><\/div>\n\t\t\t\n<div class=\"clear\"><\/div>\n\t\t\t<style type=\"text\/css\">\n\t\t\t\t#content-block-background-1334 { background-image: url(); background-position: center top; background-repeat: repeat-x; background-color: #FFFFFF;; background-attachment: fixed; background-size: auto; }\n\t\t\t\t#content-block-body-1334 { padding: 60px 0; color: inherit; }\n\t\t\t\t.content-block-body { margin-left: auto; margin-right: auto; position: relative; }\n\t\t\t<\/style>\n\t\t\t\t\t\t\t<style type=\"text\/css\">\n\t\t\t\t\t#wrapper-1 { overflow-x: hidden; }\n\t\t\t\t\t#content-block-background-1334 { margin: 0 -10000px; padding: 0 10000px; }\n\t\t\t\t<\/style>\n\t\t\t\n\t\t\t\t\t\t<script type=\"text\/javascript\">\n\t\t\t\t\/\/ <![CDATA[\n\t\t\t\tjQuery(document).ready(function($){\n\t\t\t\t\t\"use strict\";\n\t\t\t\t\tif( ! $(\"body\").hasClass( \"mobile-detected\" ) ){\n\t\t\t\t\t\t$(\"#content-block-background-\"+1334).each(function(){\n\t\t\t\t\t\t\tvar $bgobj = $(this); \/\/ Assigning the object.\n\t\t\t\t\t\t\tvar xPos = 'center'; \/\/ x bg position value from the user shortcode.\n\t\t\t\t\t\t\t$(window).scroll(function() {\n\t\t\t\t\t\t\t\tvar yPos = -($(window).scrollTop() \/ 3);\n\t\t\t\t\t\t\t\t\/\/ Put together our final background position.\n\t\t\t\t\t\t\t\tvar coords = xPos+' '+yPos+'px';\n\t\t\t\t\t\t\t\t\/\/ Move the background.\n\t\t\t\t\t\t\t\t$bgobj.css({ backgroundPosition: coords });\n\t\t\t\t\t\t\t});\n\t\t\t\t\t\t});\n\t\t\t\t\t}\n\t\t\t\t});\n\t\t\t\t\/\/ ]]>\n\t\t\t<\/script>\n\t\t\t\n\t\t\t<div class=\"clear\"><\/div>\n\t\t\t<div id=\"content-block-background-1334\" class=\"content-block-background class-name\">\n\t\t\t\t<div id=\"content-block-body-1334\" class=\"content-block-body\">\n\t\t\t\t\t<div class=\"clear\"><\/div>\n\t\t\t\t\t <\/p>\n<div class=\"one_half\">\n<img loading=\"lazy\" decoding=\"async\" src=\"https:\/\/www.marina-holyder.com\/wp-content\/uploads\/2014\/01\/ligue-de-lenseignement.jpg\" alt=\"Ligue de l\u2019Enseignement\" width=\"600\" height=\"400\" class=\"aligncenter size-full wp-image-7902\" srcset=\"https:\/\/www.marina-holyder.com\/wp-content\/uploads\/2014\/01\/ligue-de-lenseignement.jpg 600w, https:\/\/www.marina-holyder.com\/wp-content\/uploads\/2014\/01\/ligue-de-lenseignement-300x200.jpg 300w\" sizes=\"auto, (max-width: 600px) 100vw, 600px\" \/><br \/>\n<\/div>\n<div class=\"one_half last_column\">\n<h3>Trainer und Lehrerliga F.O.L. 55.<\/h3>\n<p>&nbsp;<br \/>\nSport, Entdeckung, Umwelt\u201c sind die Themenbereiche eines Teams von qualifizierten Lehrern und Trainern. In enger Zusammenarbeit mit dieser Struktur k\u00f6nnen zahlreiche Aktivit\u00e4ten f\u00fcr Kinder und Erwachsene organisiert werden, wobei einige davon nat\u00fcrlich auch vollkommen frei und ohne Anleitung ausge\u00fcbt werden k\u00f6nnen:  Basketball, Volleyball, Handball, Badminton, Tennis, Tischtennis.<\/strong><br \/>\n&nbsp;<br \/>\n<a class=\"btnB01 btnB01-secondary\" href=\"http:\/\/www.ligue55.org\/\" target=\"_blank\">Mehr dazu<\/a><br \/>\n<\/div>\n\t\t\t\t\t<div class=\"clear\"><\/div>\n\t\t\t\t<\/div>\n\t\t\t<\/div>\n\t\t\t<div class=\"clear\"><\/div>\n\t\t\t\n<div class=\"clear\"><\/div>\n\t\t\t<style type=\"text\/css\">\n\t\t\t\t#content-block-background-1936 { background-image: url(); background-position: center top; background-repeat: repeat-x; background-color: #5fb7b7;; background-attachment: fixed; background-size: auto; }\n\t\t\t\t#content-block-body-1936 { padding: 60px 0; color: inherit; }\n\t\t\t\t.content-block-body { margin-left: auto; margin-right: auto; position: relative; }\n\t\t\t<\/style>\n\t\t\t\t\t\t\t<style type=\"text\/css\">\n\t\t\t\t\t#wrapper-1 { overflow-x: hidden; }\n\t\t\t\t\t#content-block-background-1936 { margin: 0 -10000px; padding: 0 10000px; }\n\t\t\t\t<\/style>\n\t\t\t\n\t\t\t\t\t\t<script type=\"text\/javascript\">\n\t\t\t\t\/\/ <![CDATA[\n\t\t\t\tjQuery(document).ready(function($){\n\t\t\t\t\t\"use strict\";\n\t\t\t\t\tif( ! $(\"body\").hasClass( \"mobile-detected\" ) ){\n\t\t\t\t\t\t$(\"#content-block-background-\"+1936).each(function(){\n\t\t\t\t\t\t\tvar $bgobj = $(this); \/\/ Assigning the object.\n\t\t\t\t\t\t\tvar xPos = 'center'; \/\/ x bg position value from the user shortcode.\n\t\t\t\t\t\t\t$(window).scroll(function() {\n\t\t\t\t\t\t\t\tvar yPos = -($(window).scrollTop() \/ 3);\n\t\t\t\t\t\t\t\t\/\/ Put together our final background position.\n\t\t\t\t\t\t\t\tvar coords = xPos+' '+yPos+'px';\n\t\t\t\t\t\t\t\t\/\/ Move the background.\n\t\t\t\t\t\t\t\t$bgobj.css({ backgroundPosition: coords });\n\t\t\t\t\t\t\t});\n\t\t\t\t\t\t});\n\t\t\t\t\t}\n\t\t\t\t});\n\t\t\t\t\/\/ ]]>\n\t\t\t<\/script>\n\t\t\t\n\t\t\t<div class=\"clear\"><\/div>\n\t\t\t<div id=\"content-block-background-1936\" class=\"content-block-background class-name\">\n\t\t\t\t<div id=\"content-block-body-1936\" class=\"content-block-body\">\n\t\t\t\t\t<div class=\"clear\"><\/div>\n\t\t\t\t\t <\/p>\n<h3 style=\"text-align:center;\">N\u00dcTZLICHE SEITEN<\/h3>\n<p>&nbsp;<br \/>\n<div class=\"one_half\">\n<i class=\"fa fa-arrow-right\" aria-hidden=\"true\" style=\"padding-right:10px;\"><\/i><strong>Comit\u00e9 R\u00e9gional de Tourisme de Champagne-Ardenne<\/strong><br \/>\n<a href=\"http:\/\/www.tourisme-champagne-ardenne.com\/\" target=\"_blank\">www.tourisme-champagne-ardenne.com<\/a><br \/>\n<i class=\"fa fa-arrow-right\" aria-hidden=\"true\" style=\"padding-right:10px;\"><\/i><strong>Comit\u00e9 D\u00e9partemental du Tourisme<\/strong><br \/>\n<a href=\"http:\/\/www.tourisme-en-champagne.com\/\" target=\"_blank\">www.tourisme-en-champagne.com<\/a><br \/>\n<i class=\"fa fa-arrow-right\" aria-hidden=\"true\" style=\"padding-right:10px;\"><\/i><strong>Office de Tourisme du Lac du Der<\/strong><br \/>\n<a href=\"http:\/\/www.lacduder.com\/\" target=\"_blank\">www.lacduder.com<\/a><br \/>\n<\/div>\n<div class=\"one_half last_column\">\n<i class=\"fa fa-arrow-right\" aria-hidden=\"true\" style=\"padding-right:10px;\"><\/i><strong>Ligue pour la protection des oiseaux<\/strong><br \/>\n<a href=\"http:\/\/champagne-ardenne.lpo.fr\/\" target=\"_blank\">www.champagne-ardenne.lpo.fr<\/a><br \/>\n<i class=\"fa fa-arrow-right\" aria-hidden=\"true\" style=\"padding-right:10px;\"><\/i><strong>Mus\u00e9e du pays du Der<\/strong><br \/>\n<a href=\"https:\/\/www.villagemuseeduder.com\/\" target=\"_blank\">www.villagemuseeduder.com<\/a><br \/>\n<i class=\"fa fa-arrow-right\" aria-hidden=\"true\" style=\"padding-right:10px;\"><\/i><strong>La maison des P\u00eacheurs<\/strong><br \/>\n<a href=\"http:\/\/www.pecheauder.com\/\" target=\"_blank\">www.pecheauder.com<\/a><\/li>\n<\/div>\n\t\t\t\t\t<div class=\"clear\"><\/div>\n\t\t\t\t<\/div>\n\t\t\t<\/div>\n\t\t\t<div class=\"clear\"><\/div>\n\t\t\t\n<div class=\"clear\"><\/div>\n","protected":false},"excerpt":{"rendered":"<p>Der Lac du Der ein einzigartiger Ort im Herzen Europas<\/p>\n","protected":false},"author":2,"featured_media":0,"parent":0,"menu_order":0,"comment_status":"open","ping_status":"open","template":"page-FullWidth.php","meta":{"footnotes":""},"class_list":["post-3251","page","type-page","status-publish","hentry"],"yoast_head":"<!-- This site is optimized with the Yoast SEO plugin v27.5 - https:\/\/yoast.com\/product\/yoast-seo-wordpress\/ -->\n<title>Freizeitaktivit\u00e4ten - Location Lac du Der - R\u00e9sidence Marina Holyder<\/title>\n<meta name=\"robots\" content=\"index, follow, max-snippet:-1, max-image-preview:large, max-video-preview:-1\" \/>\n<link rel=\"canonical\" href=\"https:\/\/www.marina-holyder.com\/de\/freizeitaktivitaten\/\" \/>\n<meta property=\"og:locale\" content=\"de_DE\" \/>\n<meta property=\"og:type\" content=\"article\" \/>\n<meta property=\"og:title\" content=\"Freizeitaktivit\u00e4ten - Location Lac du Der - R\u00e9sidence Marina Holyder\" \/>\n<meta property=\"og:description\" content=\"Der Lac du Der ein einzigartiger Ort im Herzen Europas\" \/>\n<meta property=\"og:url\" content=\"https:\/\/www.marina-holyder.com\/de\/freizeitaktivitaten\/\" \/>\n<meta property=\"og:site_name\" content=\"Location Lac du Der - R\u00e9sidence Marina Holyder\" \/>\n<meta property=\"article:modified_time\" content=\"2018-05-24T09:41:01+00:00\" \/>\n<meta property=\"og:image\" content=\"https:\/\/www.marina-holyder.com\/wp-content\/uploads\/2017\/10\/marina-holyder-localisation02.jpg\" \/>\n<meta name=\"twitter:card\" content=\"summary_large_image\" \/>\n<meta name=\"twitter:label1\" content=\"Gesch\u00e4tzte Lesezeit\" \/>\n\t<meta name=\"twitter:data1\" content=\"7\u00a0Minuten\" \/>\n<script type=\"application\/ld+json\" class=\"yoast-schema-graph\">{\"@context\":\"https:\\\/\\\/schema.org\",\"@graph\":[{\"@type\":\"WebPage\",\"@id\":\"https:\\\/\\\/www.marina-holyder.com\\\/de\\\/freizeitaktivitaten\\\/\",\"url\":\"https:\\\/\\\/www.marina-holyder.com\\\/de\\\/freizeitaktivitaten\\\/\",\"name\":\"Freizeitaktivit\u00e4ten - Location Lac du Der - R\u00e9sidence Marina Holyder\",\"isPartOf\":{\"@id\":\"https:\\\/\\\/www.marina-holyder.com\\\/#website\"},\"primaryImageOfPage\":{\"@id\":\"https:\\\/\\\/www.marina-holyder.com\\\/de\\\/freizeitaktivitaten\\\/#primaryimage\"},\"image\":{\"@id\":\"https:\\\/\\\/www.marina-holyder.com\\\/de\\\/freizeitaktivitaten\\\/#primaryimage\"},\"thumbnailUrl\":\"https:\\\/\\\/www.marina-holyder.com\\\/wp-content\\\/uploads\\\/2017\\\/10\\\/marina-holyder-localisation02.jpg\",\"datePublished\":\"2014-10-29T15:03:14+00:00\",\"dateModified\":\"2018-05-24T09:41:01+00:00\",\"breadcrumb\":{\"@id\":\"https:\\\/\\\/www.marina-holyder.com\\\/de\\\/freizeitaktivitaten\\\/#breadcrumb\"},\"inLanguage\":\"de\",\"potentialAction\":[{\"@type\":\"ReadAction\",\"target\":[\"https:\\\/\\\/www.marina-holyder.com\\\/de\\\/freizeitaktivitaten\\\/\"]}]},{\"@type\":\"ImageObject\",\"inLanguage\":\"de\",\"@id\":\"https:\\\/\\\/www.marina-holyder.com\\\/de\\\/freizeitaktivitaten\\\/#primaryimage\",\"url\":\"https:\\\/\\\/www.marina-holyder.com\\\/wp-content\\\/uploads\\\/2017\\\/10\\\/marina-holyder-localisation02.jpg\",\"contentUrl\":\"https:\\\/\\\/www.marina-holyder.com\\\/wp-content\\\/uploads\\\/2017\\\/10\\\/marina-holyder-localisation02.jpg\"},{\"@type\":\"BreadcrumbList\",\"@id\":\"https:\\\/\\\/www.marina-holyder.com\\\/de\\\/freizeitaktivitaten\\\/#breadcrumb\",\"itemListElement\":[{\"@type\":\"ListItem\",\"position\":1,\"name\":\"Accueil\",\"item\":\"https:\\\/\\\/www.marina-holyder.com\\\/de\\\/\"},{\"@type\":\"ListItem\",\"position\":2,\"name\":\"Freizeitaktivit\u00e4ten\"}]},{\"@type\":\"WebSite\",\"@id\":\"https:\\\/\\\/www.marina-holyder.com\\\/#website\",\"url\":\"https:\\\/\\\/www.marina-holyder.com\\\/\",\"name\":\"Location Lac du Der - R\u00e9sidence Marina Holyder\",\"description\":\"Locations de vacances au bord du lac du Der\",\"potentialAction\":[{\"@type\":\"SearchAction\",\"target\":{\"@type\":\"EntryPoint\",\"urlTemplate\":\"https:\\\/\\\/www.marina-holyder.com\\\/?s={search_term_string}\"},\"query-input\":{\"@type\":\"PropertyValueSpecification\",\"valueRequired\":true,\"valueName\":\"search_term_string\"}}],\"inLanguage\":\"de\"}]}<\/script>\n<!-- \/ Yoast SEO plugin. -->","yoast_head_json":{"title":"Freizeitaktivit\u00e4ten - Location Lac du Der - R\u00e9sidence Marina Holyder","robots":{"index":"index","follow":"follow","max-snippet":"max-snippet:-1","max-image-preview":"max-image-preview:large","max-video-preview":"max-video-preview:-1"},"canonical":"https:\/\/www.marina-holyder.com\/de\/freizeitaktivitaten\/","og_locale":"de_DE","og_type":"article","og_title":"Freizeitaktivit\u00e4ten - Location Lac du Der - R\u00e9sidence Marina Holyder","og_description":"Der Lac du Der ein einzigartiger Ort im Herzen Europas","og_url":"https:\/\/www.marina-holyder.com\/de\/freizeitaktivitaten\/","og_site_name":"Location Lac du Der - R\u00e9sidence Marina Holyder","article_modified_time":"2018-05-24T09:41:01+00:00","og_image":[{"url":"https:\/\/www.marina-holyder.com\/wp-content\/uploads\/2017\/10\/marina-holyder-localisation02.jpg","type":"","width":"","height":""}],"twitter_card":"summary_large_image","twitter_misc":{"Gesch\u00e4tzte Lesezeit":"7\u00a0Minuten"},"schema":{"@context":"https:\/\/schema.org","@graph":[{"@type":"WebPage","@id":"https:\/\/www.marina-holyder.com\/de\/freizeitaktivitaten\/","url":"https:\/\/www.marina-holyder.com\/de\/freizeitaktivitaten\/","name":"Freizeitaktivit\u00e4ten - Location Lac du Der - R\u00e9sidence Marina Holyder","isPartOf":{"@id":"https:\/\/www.marina-holyder.com\/#website"},"primaryImageOfPage":{"@id":"https:\/\/www.marina-holyder.com\/de\/freizeitaktivitaten\/#primaryimage"},"image":{"@id":"https:\/\/www.marina-holyder.com\/de\/freizeitaktivitaten\/#primaryimage"},"thumbnailUrl":"https:\/\/www.marina-holyder.com\/wp-content\/uploads\/2017\/10\/marina-holyder-localisation02.jpg","datePublished":"2014-10-29T15:03:14+00:00","dateModified":"2018-05-24T09:41:01+00:00","breadcrumb":{"@id":"https:\/\/www.marina-holyder.com\/de\/freizeitaktivitaten\/#breadcrumb"},"inLanguage":"de","potentialAction":[{"@type":"ReadAction","target":["https:\/\/www.marina-holyder.com\/de\/freizeitaktivitaten\/"]}]},{"@type":"ImageObject","inLanguage":"de","@id":"https:\/\/www.marina-holyder.com\/de\/freizeitaktivitaten\/#primaryimage","url":"https:\/\/www.marina-holyder.com\/wp-content\/uploads\/2017\/10\/marina-holyder-localisation02.jpg","contentUrl":"https:\/\/www.marina-holyder.com\/wp-content\/uploads\/2017\/10\/marina-holyder-localisation02.jpg"},{"@type":"BreadcrumbList","@id":"https:\/\/www.marina-holyder.com\/de\/freizeitaktivitaten\/#breadcrumb","itemListElement":[{"@type":"ListItem","position":1,"name":"Accueil","item":"https:\/\/www.marina-holyder.com\/de\/"},{"@type":"ListItem","position":2,"name":"Freizeitaktivit\u00e4ten"}]},{"@type":"WebSite","@id":"https:\/\/www.marina-holyder.com\/#website","url":"https:\/\/www.marina-holyder.com\/","name":"Location Lac du Der - R\u00e9sidence Marina Holyder","description":"Locations de vacances au bord du lac du Der","potentialAction":[{"@type":"SearchAction","target":{"@type":"EntryPoint","urlTemplate":"https:\/\/www.marina-holyder.com\/?s={search_term_string}"},"query-input":{"@type":"PropertyValueSpecification","valueRequired":true,"valueName":"search_term_string"}}],"inLanguage":"de"}]}},"_links":{"self":[{"href":"https:\/\/www.marina-holyder.com\/de\/wp-json\/wp\/v2\/pages\/3251","targetHints":{"allow":["GET"]}}],"collection":[{"href":"https:\/\/www.marina-holyder.com\/de\/wp-json\/wp\/v2\/pages"}],"about":[{"href":"https:\/\/www.marina-holyder.com\/de\/wp-json\/wp\/v2\/types\/page"}],"author":[{"embeddable":true,"href":"https:\/\/www.marina-holyder.com\/de\/wp-json\/wp\/v2\/users\/2"}],"replies":[{"embeddable":true,"href":"https:\/\/www.marina-holyder.com\/de\/wp-json\/wp\/v2\/comments?post=3251"}],"version-history":[{"count":13,"href":"https:\/\/www.marina-holyder.com\/de\/wp-json\/wp\/v2\/pages\/3251\/revisions"}],"predecessor-version":[{"id":9220,"href":"https:\/\/www.marina-holyder.com\/de\/wp-json\/wp\/v2\/pages\/3251\/revisions\/9220"}],"wp:attachment":[{"href":"https:\/\/www.marina-holyder.com\/de\/wp-json\/wp\/v2\/media?parent=3251"}],"curies":[{"name":"wp","href":"https:\/\/api.w.org\/{rel}","templated":true}]}}